{"id":13098,"date":"2025-04-14T18:36:39","date_gmt":"2025-04-14T17:36:39","guid":{"rendered":"https:\/\/entwicklung-bartelheimer.d3sign.work\/?page_id=13098"},"modified":"2025-04-24T12:18:35","modified_gmt":"2025-04-24T11:18:35","slug":"contact-achim-bartelheimer","status":"publish","type":"page","link":"https:\/\/ab-interim.de\/en\/contact-achim-bartelheimer\/","title":{"rendered":"\u00a0Contact - Achim Bartelheimer"},"content":{"rendered":"\t\t<div data-elementor-type=\"wp-page\" data-elementor-id=\"13098\" class=\"elementor elementor-13098\" data-elementor-post-type=\"page\">\n\t\t\t\t<div class=\"elementor-element elementor-element-3ffa2db e-flex e-con-boxed e-con e-parent\" data-id=\"3ffa2db\" data-element_type=\"container\" data-e-type=\"container\">\n\t\t\t\t\t<div class=\"e-con-inner\">\n\t\t<div class=\"elementor-element elementor-element-0f584b7 hero-section-lg border-radius-section e-flex e-con-boxed e-con e-child\" data-id=\"0f584b7\" data-element_type=\"container\" data-e-type=\"container\" data-settings=\"{&quot;background_background&quot;:&quot;classic&quot;}\">\n\t\t\t\t\t<div class=\"e-con-inner\">\n\t\t\t\t<div class=\"elementor-element elementor-element-6b473eb at-heading-animation at-animation-heading-none elementor-widget elementor-widget-heading\" data-id=\"6b473eb\" data-element_type=\"widget\" data-e-type=\"widget\" data-settings=\"{&quot;ekit_we_effect_on&quot;:&quot;none&quot;}\" data-widget_type=\"heading.default\">\n\t\t\t\t<div class=\"elementor-widget-container\">\n\t\t\t\t\t<h1 class=\"elementor-heading-title elementor-size-default\">Kontakt \u2013 Achim Bartelheimer <\/h1>\t\t\t\t<\/div>\n\t\t\t\t<\/div>\n\t\t\t\t\t<\/div>\n\t\t\t\t<\/div>\n\t\t\t\t\t<\/div>\n\t\t\t\t<\/div>\n\t\t<div class=\"elementor-element elementor-element-40352f5 e-flex e-con-boxed e-con e-parent\" data-id=\"40352f5\" data-element_type=\"container\" data-e-type=\"container\">\n\t\t\t\t\t<div class=\"e-con-inner\">\n\t\t<div class=\"elementor-element elementor-element-e7818f1 e-con-full e-flex e-con e-child\" data-id=\"e7818f1\" data-element_type=\"container\" data-e-type=\"container\">\n\t\t<div class=\"elementor-element elementor-element-ee1bde0 e-con-full e-flex e-con e-child\" data-id=\"ee1bde0\" data-element_type=\"container\" data-e-type=\"container\">\n\t\t\t\t<div class=\"elementor-element elementor-element-27fb03d at-heading-animation at-animation-heading-none elementor-invisible elementor-widget elementor-widget-heading\" data-id=\"27fb03d\" data-element_type=\"widget\" data-e-type=\"widget\" data-settings=\"{&quot;_animation&quot;:&quot;fadeInUp&quot;,&quot;ekit_we_effect_on&quot;:&quot;none&quot;}\" data-widget_type=\"heading.default\">\n\t\t\t\t<div class=\"elementor-widget-container\">\n\t\t\t\t\t<h2 class=\"elementor-heading-title elementor-size-default\">Kontakt Achim Bartelheimer\u2013 <br>Wenn Verantwortung gefragt ist\n\n<\/h2>\t\t\t\t<\/div>\n\t\t\t\t<\/div>\n\t\t\t\t<div class=\"elementor-element elementor-element-80715ca elementor-invisible elementor-widget elementor-widget-text-editor\" data-id=\"80715ca\" data-element_type=\"widget\" data-e-type=\"widget\" data-settings=\"{&quot;_animation&quot;:&quot;fadeInUp&quot;,&quot;_animation_delay&quot;:100,&quot;ekit_we_effect_on&quot;:&quot;none&quot;}\" data-widget_type=\"text-editor.default\">\n\t\t\t\t<div class=\"elementor-widget-container\">\n\t\t\t\t\t\t\t\t\t<p>Ob Transformation, technischer Serienanlauf oder strukturelle Neuausrichtung \u2013 es gibt Momente, in denen Unternehmen nicht mehr auf klassische L\u00f6sungen zur\u00fcckgreifen k\u00f6nnen. In solchen Situationen ist F\u00fchrung gefragt, die direkt Verantwortung \u00fcbernimmt, Strukturen schafft und Entscheidungen umsetzt. Genau hier komme ich ins Spiel.<\/p><p>Als Interim Manager mit technischer Tiefe, operativer Erfahrung und unternehmerischem Blick begleite ich Unternehmen in anspruchsvollen Phasen. Mein Fokus liegt auf Engineering, Program Management, Vertrieb und Restrukturierung \u2013 dort, wo Ergebnisse z\u00e4hlen und nicht blo\u00df Pr\u00e4sentationen.<\/p><p>Wenn Sie operative Verst\u00e4rkung suchen, ein Projekt in kritischer Lage stabilisieren m\u00f6chten oder einen erfahrenen Sparringspartner f\u00fcr Ihren Ver\u00e4nderungsprozess brauchen, dann lassen Sie uns miteinander sprechen. <br \/>In einem vertraulichen Erstgespr\u00e4ch kl\u00e4ren wir gemeinsam, ob und wie ich Sie wirksam unterst\u00fctzen kann.<\/p><p>Ich bin deutschlandweit sowie international einsatzbereit und arbeite in direkter Abstimmung mit Gesch\u00e4ftsf\u00fchrung, Gesellschaftern oder Projektteams \u2013 pragmatisch, verbindlich, l\u00f6sungsorientiert. Mein Ziel ist es nicht, Konzepte zu verkaufen, sondern Wirkung zu erzielen \u2013 durch Pr\u00e4senz vor Ort, Kommunikation auf Augenh\u00f6he und eine schnelle, fokussierte Einarbeitung.<\/p><p><strong>Nehmen Sie unverbindlich Kontakt auf \u2013 per E-Mail, telefonisch oder \u00fcber das Kontakt-Formular. Ich melde mich zeitnah bei Ihnen zur\u00fcck und bin offen f\u00fcr ein direktes Gespr\u00e4ch.<\/strong><\/p>\t\t\t\t\t\t\t\t<\/div>\n\t\t\t\t<\/div>\n\t\t\t\t<\/div>\n\t\t<div class=\"elementor-element elementor-element-1640a0e e-con-full e-flex e-con e-child\" data-id=\"1640a0e\" data-element_type=\"container\" data-e-type=\"container\">\n\t\t<div class=\"elementor-element elementor-element-9ed03e2 e-con-full e-flex elementor-invisible e-con e-child\" data-id=\"9ed03e2\" data-element_type=\"container\" data-e-type=\"container\" data-settings=\"{&quot;animation&quot;:&quot;fadeInUp&quot;}\">\n\t\t\t\t<div class=\"elementor-element elementor-element-71a6366 elementor-view-stacked elementor-position-inline-start contact-info-body-icon elementor-mobile-position-inline-start elementor-shape-circle elementor-widget elementor-widget-icon-box\" data-id=\"71a6366\" data-element_type=\"widget\" data-e-type=\"widget\" data-settings=\"{&quot;ekit_we_effect_on&quot;:&quot;none&quot;}\" data-widget_type=\"icon-box.default\">\n\t\t\t\t<div class=\"elementor-widget-container\">\n\t\t\t\t\t\t\t<div class=\"elementor-icon-box-wrapper\">\n\n\t\t\t\t\t\t<div class=\"elementor-icon-box-icon\">\n\t\t\t\t<a href=\"tel:00491623475288\" class=\"elementor-icon\" tabindex=\"-1\" aria-label=\" +49 (0) 162 347 52 88\">\n\t\t\t\t<i aria-hidden=\"true\" class=\"icon icon-phone-call\"><\/i>\t\t\t\t<\/a>\n\t\t\t<\/div>\n\t\t\t\n\t\t\t\t\t\t<div class=\"elementor-icon-box-content\">\n\n\t\t\t\t\t\t\t\t\t<h3 class=\"elementor-icon-box-title\">\n\t\t\t\t\t\t<a href=\"tel:00491623475288\" >\n\t\t\t\t\t\t\t +49 (0) 162 347 52 88\t\t\t\t\t\t<\/a>\n\t\t\t\t\t<\/h3>\n\t\t\t\t\n\t\t\t\t\n\t\t\t<\/div>\n\t\t\t\n\t\t<\/div>\n\t\t\t\t\t\t<\/div>\n\t\t\t\t<\/div>\n\t\t\t\t<div class=\"elementor-element elementor-element-fe61b0b elementor-view-stacked elementor-position-inline-start contact-info-body-icon elementor-mobile-position-inline-start elementor-shape-circle elementor-widget elementor-widget-icon-box\" data-id=\"fe61b0b\" data-element_type=\"widget\" data-e-type=\"widget\" data-settings=\"{&quot;ekit_we_effect_on&quot;:&quot;none&quot;}\" data-widget_type=\"icon-box.default\">\n\t\t\t\t<div class=\"elementor-widget-container\">\n\t\t\t\t\t\t\t<div class=\"elementor-icon-box-wrapper\">\n\n\t\t\t\t\t\t<div class=\"elementor-icon-box-icon\">\n\t\t\t\t<a href=\"mailto:bartelheimer@ab-interim.de\" class=\"elementor-icon\" tabindex=\"-1\" aria-label=\"bartelheimer@ab-interim.de\">\n\t\t\t\t<i aria-hidden=\"true\" class=\"icon icon-envelope11\"><\/i>\t\t\t\t<\/a>\n\t\t\t<\/div>\n\t\t\t\n\t\t\t\t\t\t<div class=\"elementor-icon-box-content\">\n\n\t\t\t\t\t\t\t\t\t<h3 class=\"elementor-icon-box-title\">\n\t\t\t\t\t\t<a href=\"mailto:bartelheimer@ab-interim.de\" >\n\t\t\t\t\t\t\tbartelheimer@ab-interim.de\t\t\t\t\t\t<\/a>\n\t\t\t\t\t<\/h3>\n\t\t\t\t\n\t\t\t\t\n\t\t\t<\/div>\n\t\t\t\n\t\t<\/div>\n\t\t\t\t\t\t<\/div>\n\t\t\t\t<\/div>\n\t\t\t\t<\/div>\n\t\t\t\t<div class=\"elementor-element elementor-element-7467b8f elementor-button-align-stretch elementor-invisible elementor-widget elementor-widget-form\" data-id=\"7467b8f\" data-element_type=\"widget\" data-e-type=\"widget\" data-settings=\"{&quot;step_next_label&quot;:&quot;N\\u00e4chster&quot;,&quot;step_previous_label&quot;:&quot;Voriger&quot;,&quot;_animation&quot;:&quot;fadeInUp&quot;,&quot;button_width&quot;:&quot;100&quot;,&quot;step_type&quot;:&quot;number_text&quot;,&quot;step_icon_shape&quot;:&quot;circle&quot;,&quot;ekit_we_effect_on&quot;:&quot;none&quot;}\" data-widget_type=\"form.default\">\n\t\t\t\t<div class=\"elementor-widget-container\">\n\t\t\t\t\t\t\t<form class=\"elementor-form\" method=\"post\" name=\"Neues Formular\" aria-label=\"Neues Formular\">\n\t\t\t<input type=\"hidden\" name=\"post_id\" value=\"13098\"\/>\n\t\t\t<input type=\"hidden\" name=\"form_id\" value=\"7467b8f\"\/>\n\t\t\t<input type=\"hidden\" name=\"referer_title\" value=\"\u00a0Kontakt \u2013 Achim Bartelheimer | Wenn Erfahrung z\u00e4hlt\" \/>\n\n\t\t\t\t\t\t\t<input type=\"hidden\" name=\"queried_id\" value=\"13098\"\/>\n\t\t\t\n\t\t\t<div class=\"elementor-form-fields-wrapper elementor-labels-above\">\n\t\t\t\t\t\t\t\t<div class=\"elementor-field-type-text elementor-field-group elementor-column elementor-field-group-name elementor-col-100 elementor-field-required\">\n\t\t\t\t\t\t\t\t\t\t\t\t<label for=\"form-field-name\" class=\"elementor-field-label\">\n\t\t\t\t\t\t\t\tAnsprechpartner\t\t\t\t\t\t\t<\/label>\n\t\t\t\t\t\t\t\t\t\t\t\t\t\t<input size=\"1\" type=\"text\" name=\"form_fields[name]\" id=\"form-field-name\" class=\"elementor-field elementor-size-sm  elementor-field-textual\" placeholder=\"Vor- und Nachname\" required=\"required\">\n\t\t\t\t\t\t\t\t\t\t\t<\/div>\n\t\t\t\t\t\t\t\t<div class=\"elementor-field-type-text elementor-field-group elementor-column elementor-field-group-field_d0b764a elementor-col-100\">\n\t\t\t\t\t\t\t\t\t\t\t\t<label for=\"form-field-field_d0b764a\" class=\"elementor-field-label\">\n\t\t\t\t\t\t\t\tTelefonnummer (optional)\t\t\t\t\t\t\t<\/label>\n\t\t\t\t\t\t\t\t\t\t\t\t\t\t<input size=\"1\" type=\"text\" name=\"form_fields[field_d0b764a]\" id=\"form-field-field_d0b764a\" class=\"elementor-field elementor-size-sm  elementor-field-textual\">\n\t\t\t\t\t\t\t\t\t\t\t<\/div>\n\t\t\t\t\t\t\t\t<div class=\"elementor-field-type-email elementor-field-group elementor-column elementor-field-group-email elementor-col-100 elementor-field-required\">\n\t\t\t\t\t\t\t\t\t\t\t\t<label for=\"form-field-email\" class=\"elementor-field-label\">\n\t\t\t\t\t\t\t\tIhre Emailadresse\t\t\t\t\t\t\t<\/label>\n\t\t\t\t\t\t\t\t\t\t\t\t\t\t<input size=\"1\" type=\"email\" name=\"form_fields[email]\" id=\"form-field-email\" class=\"elementor-field elementor-size-sm  elementor-field-textual\" required=\"required\">\n\t\t\t\t\t\t\t\t\t\t\t<\/div>\n\t\t\t\t\t\t\t\t<div class=\"elementor-field-type-textarea elementor-field-group elementor-column elementor-field-group-message elementor-col-100\">\n\t\t\t\t\t\t\t\t\t\t\t\t<label for=\"form-field-message\" class=\"elementor-field-label\">\n\t\t\t\t\t\t\t\tIhre Nachricht\t\t\t\t\t\t\t<\/label>\n\t\t\t\t\t\t<textarea class=\"elementor-field-textual elementor-field  elementor-size-sm\" name=\"form_fields[message]\" id=\"form-field-message\" rows=\"4\"><\/textarea>\t\t\t\t<\/div>\n\t\t\t\t\t\t\t\t<div class=\"elementor-field-type-acceptance elementor-field-group elementor-column elementor-field-group-field_c8a032c elementor-col-100 elementor-field-required\">\n\t\t\t\t\t\t\t<div class=\"elementor-field-subgroup\">\n\t\t\t<span class=\"elementor-field-option\">\n\t\t\t\t<input type=\"checkbox\" name=\"form_fields[field_c8a032c]\" id=\"form-field-field_c8a032c\" class=\"elementor-field elementor-size-sm  elementor-acceptance-field\" required=\"required\">\n\t\t\t\t<label for=\"form-field-field_c8a032c\">Mit der Nutzung dieses Formulars erkl\u00e4ren Sie sich mit der Speicherung und Verarbeitung Ihrer Daten durch diese Website einverstanden.<\/label>\t\t\t<\/span>\n\t\t<\/div>\n\t\t\t\t\t\t<\/div>\n\t\t\t\t\t\t\t\t<div class=\"elementor-field-group elementor-column elementor-field-type-submit elementor-col-100 e-form__buttons\">\n\t\t\t\t\t<button class=\"elementor-button elementor-size-sm\" type=\"submit\">\n\t\t\t\t\t\t<span class=\"elementor-button-content-wrapper\">\n\t\t\t\t\t\t\t\t\t\t\t\t\t\t\t\t\t\t\t\t\t\t<span class=\"elementor-button-text\">Nachricht senden<\/span>\n\t\t\t\t\t\t\t\t\t\t\t\t\t<\/span>\n\t\t\t\t\t<\/button>\n\t\t\t\t<\/div>\n\t\t\t<\/div>\n\t\t<\/form>\n\t\t\t\t\t\t<\/div>\n\t\t\t\t<\/div>\n\t\t\t\t<\/div>\n\t\t\t\t<\/div>\n\t\t\t\t\t<\/div>\n\t\t\t\t<\/div>\n\t\t\t\t<\/div>\n\t\t","protected":false},"excerpt":{"rendered":"<p>Kontakt \u2013 Achim Bartelheimer Kontakt Achim Bartelheimer\u2013 Wenn Verantwortung gefragt ist Ob [&hellip;]<\/p>\n","protected":false},"author":1,"featured_media":12688,"parent":0,"menu_order":0,"comment_status":"closed","ping_status":"closed","template":"elementor_header_footer","meta":{"footnotes":""},"class_list":["post-13098","page","type-page","status-publish","has-post-thumbnail","hentry"],"yoast_head":"<!-- This site is optimized with the Yoast SEO plugin v27.4 - https:\/\/yoast.com\/product\/yoast-seo-wordpress\/ -->\n<title>\u00a0Kontakt \u2013 Achim Bartelheimer | Wenn Erfahrung z\u00e4hlt<\/title>\n<meta name=\"description\" content=\"Kontakt Achim Bartelheimer: Jetzt Erstgespr\u00e4ch vereinbaren unter +49 (0) 162 347 52 88 oder E-Mail an bartelheimer@ab-interim.de\" \/>\n<meta name=\"robots\" content=\"index, follow, max-snippet:-1, max-image-preview:large, max-video-preview:-1\" \/>\n<link rel=\"canonical\" href=\"https:\/\/ab-interim.de\/en\/contact-achim-bartelheimer\/\" \/>\n<meta property=\"og:locale\" content=\"en_GB\" \/>\n<meta property=\"og:type\" content=\"article\" \/>\n<meta property=\"og:title\" content=\"\u00a0Kontakt \u2013 Achim Bartelheimer | Wenn Erfahrung z\u00e4hlt\" \/>\n<meta property=\"og:description\" content=\"Kontakt Achim Bartelheimer: Jetzt Erstgespr\u00e4ch vereinbaren unter +49 (0) 162 347 52 88 oder E-Mail an bartelheimer@ab-interim.de\" \/>\n<meta property=\"og:url\" content=\"https:\/\/ab-interim.de\/en\/contact-achim-bartelheimer\/\" \/>\n<meta property=\"og:site_name\" content=\"Achim Bartelheimer Interim Management\" \/>\n<meta property=\"article:modified_time\" content=\"2025-04-24T11:18:35+00:00\" \/>\n<meta property=\"og:image\" content=\"https:\/\/ab-interim.de\/wp-content\/uploads\/2024\/10\/Logo-Achim-Bartelheimer.png\" \/>\n\t<meta property=\"og:image:width\" content=\"735\" \/>\n\t<meta property=\"og:image:height\" content=\"120\" \/>\n\t<meta property=\"og:image:type\" content=\"image\/png\" \/>\n<meta name=\"twitter:card\" content=\"summary_large_image\" \/>\n<meta name=\"twitter:label1\" content=\"Estimated reading time\" \/>\n\t<meta name=\"twitter:data1\" content=\"2 minutes\" \/>\n<script type=\"application\/ld+json\" class=\"yoast-schema-graph\">{\"@context\":\"https:\\\/\\\/schema.org\",\"@graph\":[{\"@type\":\"WebPage\",\"@id\":\"https:\\\/\\\/ab-interim.de\\\/kontakt-achim-bartelheimer\\\/\",\"url\":\"https:\\\/\\\/ab-interim.de\\\/kontakt-achim-bartelheimer\\\/\",\"name\":\"\u00a0Kontakt \u2013 Achim Bartelheimer | Wenn Erfahrung z\u00e4hlt\",\"isPartOf\":{\"@id\":\"https:\\\/\\\/ab-interim.de\\\/#website\"},\"primaryImageOfPage\":{\"@id\":\"https:\\\/\\\/ab-interim.de\\\/kontakt-achim-bartelheimer\\\/#primaryimage\"},\"image\":{\"@id\":\"https:\\\/\\\/ab-interim.de\\\/kontakt-achim-bartelheimer\\\/#primaryimage\"},\"thumbnailUrl\":\"https:\\\/\\\/ab-interim.de\\\/wp-content\\\/uploads\\\/2024\\\/10\\\/Logo-Achim-Bartelheimer.png\",\"datePublished\":\"2025-04-14T17:36:39+00:00\",\"dateModified\":\"2025-04-24T11:18:35+00:00\",\"description\":\"Kontakt Achim Bartelheimer: Jetzt Erstgespr\u00e4ch vereinbaren unter +49 (0) 162 347 52 88 oder E-Mail an bartelheimer@ab-interim.de\",\"breadcrumb\":{\"@id\":\"https:\\\/\\\/ab-interim.de\\\/kontakt-achim-bartelheimer\\\/#breadcrumb\"},\"inLanguage\":\"en-GB\",\"potentialAction\":[{\"@type\":\"ReadAction\",\"target\":[\"https:\\\/\\\/ab-interim.de\\\/kontakt-achim-bartelheimer\\\/\"]}]},{\"@type\":\"ImageObject\",\"inLanguage\":\"en-GB\",\"@id\":\"https:\\\/\\\/ab-interim.de\\\/kontakt-achim-bartelheimer\\\/#primaryimage\",\"url\":\"https:\\\/\\\/ab-interim.de\\\/wp-content\\\/uploads\\\/2024\\\/10\\\/Logo-Achim-Bartelheimer.png\",\"contentUrl\":\"https:\\\/\\\/ab-interim.de\\\/wp-content\\\/uploads\\\/2024\\\/10\\\/Logo-Achim-Bartelheimer.png\",\"width\":735,\"height\":120,\"caption\":\"Kontakt Achim Bartelheimer\"},{\"@type\":\"BreadcrumbList\",\"@id\":\"https:\\\/\\\/ab-interim.de\\\/kontakt-achim-bartelheimer\\\/#breadcrumb\",\"itemListElement\":[{\"@type\":\"ListItem\",\"position\":1,\"name\":\"Startseite\",\"item\":\"https:\\\/\\\/ab-interim.de\\\/\"},{\"@type\":\"ListItem\",\"position\":2,\"name\":\"\u00a0Kontakt \u2013 Achim Bartelheimer\"}]},{\"@type\":\"WebSite\",\"@id\":\"https:\\\/\\\/ab-interim.de\\\/#website\",\"url\":\"https:\\\/\\\/ab-interim.de\\\/\",\"name\":\"Achim Bartelheimer\",\"description\":\"Interim Manager\",\"publisher\":{\"@id\":\"https:\\\/\\\/ab-interim.de\\\/#organization\"},\"potentialAction\":[{\"@type\":\"SearchAction\",\"target\":{\"@type\":\"EntryPoint\",\"urlTemplate\":\"https:\\\/\\\/ab-interim.de\\\/?s={search_term_string}\"},\"query-input\":{\"@type\":\"PropertyValueSpecification\",\"valueRequired\":true,\"valueName\":\"search_term_string\"}}],\"inLanguage\":\"en-GB\"},{\"@type\":\"Organization\",\"@id\":\"https:\\\/\\\/ab-interim.de\\\/#organization\",\"name\":\"Achim Bartelheimer\",\"url\":\"https:\\\/\\\/ab-interim.de\\\/\",\"logo\":{\"@type\":\"ImageObject\",\"inLanguage\":\"en-GB\",\"@id\":\"https:\\\/\\\/ab-interim.de\\\/#\\\/schema\\\/logo\\\/image\\\/\",\"url\":\"https:\\\/\\\/ab-interim.de\\\/wp-content\\\/uploads\\\/2024\\\/10\\\/cropped-Logo-Achim-Bartelheimer.png\",\"contentUrl\":\"https:\\\/\\\/ab-interim.de\\\/wp-content\\\/uploads\\\/2024\\\/10\\\/cropped-Logo-Achim-Bartelheimer.png\",\"width\":735,\"height\":120,\"caption\":\"Achim Bartelheimer\"},\"image\":{\"@id\":\"https:\\\/\\\/ab-interim.de\\\/#\\\/schema\\\/logo\\\/image\\\/\"}}]}<\/script>\n<!-- \/ Yoast SEO plugin. -->","yoast_head_json":{"title":"\u00a0Contact \u2013 Achim Bartelheimer | When Experience Matters","description":"Contact Achim Bartelheimer: Schedule your initial consultation now at +49 (0) 162 347 52 88 or email at bartelheimer@ab-interim.de","robots":{"index":"index","follow":"follow","max-snippet":"max-snippet:-1","max-image-preview":"max-image-preview:large","max-video-preview":"max-video-preview:-1"},"canonical":"https:\/\/ab-interim.de\/en\/contact-achim-bartelheimer\/","og_locale":"en_GB","og_type":"article","og_title":"\u00a0Kontakt \u2013 Achim Bartelheimer | Wenn Erfahrung z\u00e4hlt","og_description":"Kontakt Achim Bartelheimer: Jetzt Erstgespr\u00e4ch vereinbaren unter +49 (0) 162 347 52 88 oder E-Mail an bartelheimer@ab-interim.de","og_url":"https:\/\/ab-interim.de\/en\/contact-achim-bartelheimer\/","og_site_name":"Achim Bartelheimer Interim Management","article_modified_time":"2025-04-24T11:18:35+00:00","og_image":[{"width":735,"height":120,"url":"https:\/\/ab-interim.de\/wp-content\/uploads\/2024\/10\/Logo-Achim-Bartelheimer.png","type":"image\/png"}],"twitter_card":"summary_large_image","twitter_misc":{"Estimated reading time":"2 minutes"},"schema":{"@context":"https:\/\/schema.org","@graph":[{"@type":"WebPage","@id":"https:\/\/ab-interim.de\/kontakt-achim-bartelheimer\/","url":"https:\/\/ab-interim.de\/kontakt-achim-bartelheimer\/","name":"\u00a0Contact \u2013 Achim Bartelheimer | When Experience Matters","isPartOf":{"@id":"https:\/\/ab-interim.de\/#website"},"primaryImageOfPage":{"@id":"https:\/\/ab-interim.de\/kontakt-achim-bartelheimer\/#primaryimage"},"image":{"@id":"https:\/\/ab-interim.de\/kontakt-achim-bartelheimer\/#primaryimage"},"thumbnailUrl":"https:\/\/ab-interim.de\/wp-content\/uploads\/2024\/10\/Logo-Achim-Bartelheimer.png","datePublished":"2025-04-14T17:36:39+00:00","dateModified":"2025-04-24T11:18:35+00:00","description":"Contact Achim Bartelheimer: Schedule your initial consultation now at +49 (0) 162 347 52 88 or email at bartelheimer@ab-interim.de","breadcrumb":{"@id":"https:\/\/ab-interim.de\/kontakt-achim-bartelheimer\/#breadcrumb"},"inLanguage":"en-GB","potentialAction":[{"@type":"ReadAction","target":["https:\/\/ab-interim.de\/kontakt-achim-bartelheimer\/"]}]},{"@type":"ImageObject","inLanguage":"en-GB","@id":"https:\/\/ab-interim.de\/kontakt-achim-bartelheimer\/#primaryimage","url":"https:\/\/ab-interim.de\/wp-content\/uploads\/2024\/10\/Logo-Achim-Bartelheimer.png","contentUrl":"https:\/\/ab-interim.de\/wp-content\/uploads\/2024\/10\/Logo-Achim-Bartelheimer.png","width":735,"height":120,"caption":"Kontakt Achim Bartelheimer"},{"@type":"BreadcrumbList","@id":"https:\/\/ab-interim.de\/kontakt-achim-bartelheimer\/#breadcrumb","itemListElement":[{"@type":"ListItem","position":1,"name":"Startseite","item":"https:\/\/ab-interim.de\/"},{"@type":"ListItem","position":2,"name":"\u00a0Kontakt \u2013 Achim Bartelheimer"}]},{"@type":"WebSite","@id":"https:\/\/ab-interim.de\/#website","url":"https:\/\/ab-interim.de\/","name":"Achim Bartelheimer","description":"Interim Manager","publisher":{"@id":"https:\/\/ab-interim.de\/#organization"},"potentialAction":[{"@type":"SearchAction","target":{"@type":"EntryPoint","urlTemplate":"https:\/\/ab-interim.de\/?s={search_term_string}"},"query-input":{"@type":"PropertyValueSpecification","valueRequired":true,"valueName":"search_term_string"}}],"inLanguage":"en-GB"},{"@type":"Organization","@id":"https:\/\/ab-interim.de\/#organization","name":"Achim Bartelheimer","url":"https:\/\/ab-interim.de\/","logo":{"@type":"ImageObject","inLanguage":"en-GB","@id":"https:\/\/ab-interim.de\/#\/schema\/logo\/image\/","url":"https:\/\/ab-interim.de\/wp-content\/uploads\/2024\/10\/cropped-Logo-Achim-Bartelheimer.png","contentUrl":"https:\/\/ab-interim.de\/wp-content\/uploads\/2024\/10\/cropped-Logo-Achim-Bartelheimer.png","width":735,"height":120,"caption":"Achim Bartelheimer"},"image":{"@id":"https:\/\/ab-interim.de\/#\/schema\/logo\/image\/"}}]}},"_links":{"self":[{"href":"https:\/\/ab-interim.de\/en\/wp-json\/wp\/v2\/pages\/13098","targetHints":{"allow":["GET"]}}],"collection":[{"href":"https:\/\/ab-interim.de\/en\/wp-json\/wp\/v2\/pages"}],"about":[{"href":"https:\/\/ab-interim.de\/en\/wp-json\/wp\/v2\/types\/page"}],"author":[{"embeddable":true,"href":"https:\/\/ab-interim.de\/en\/wp-json\/wp\/v2\/users\/1"}],"replies":[{"embeddable":true,"href":"https:\/\/ab-interim.de\/en\/wp-json\/wp\/v2\/comments?post=13098"}],"version-history":[{"count":25,"href":"https:\/\/ab-interim.de\/en\/wp-json\/wp\/v2\/pages\/13098\/revisions"}],"predecessor-version":[{"id":13469,"href":"https:\/\/ab-interim.de\/en\/wp-json\/wp\/v2\/pages\/13098\/revisions\/13469"}],"wp:featuredmedia":[{"embeddable":true,"href":"https:\/\/ab-interim.de\/en\/wp-json\/wp\/v2\/media\/12688"}],"wp:attachment":[{"href":"https:\/\/ab-interim.de\/en\/wp-json\/wp\/v2\/media?parent=13098"}],"curies":[{"name":"wp","href":"https:\/\/api.w.org\/{rel}","templated":true}]}}